{"id":1265,"date":"2013-05-21T14:43:10","date_gmt":"2013-05-21T14:43:10","guid":{"rendered":"http:\/\/blog.ribambelle.fr\/wp\/?page_id=1265"},"modified":"2013-09-12T15:36:01","modified_gmt":"2013-09-12T15:36:01","slug":"le-ptit-point-culture","status":"publish","type":"page","link":"https:\/\/blog.ribambelle.fr\/wp\/?page_id=1265","title":{"rendered":"Le P&#039;tit Point Culture"},"content":{"rendered":"<p><strong> <\/strong><\/p>\n<p style=\"text-align: center;\"><span style=\"text-decoration: underline;\"><strong><strong>LE SAVIEZ-VOUS?\u00a0SP\u00c9CIAL\u00a0F\u00caTE\u00a0DES \u00a0\u00bb MOMANS \u00a0\u00bb 1 ! <\/strong><\/strong><\/span><\/p>\n<p style=\"text-align: center;\"><strong>ORIGINE DE LA\u00a0F\u00caTE\u00a0DES <\/strong><span style=\"color: #000000;\"><strong>M\u00c8RES<\/strong><\/span><\/p>\n<p style=\"text-align: center;\"><span style=\"color: #000000;\"><strong> <\/strong><\/span><strong><a href=\"http:\/\/blog.ribambelle.fr\/wp\/wp-content\/uploads\/2013\/05\/Coeurs-probablement-en-sucre.jpg\"><img decoding=\"async\" loading=\"lazy\" class=\"aligncenter size-medium wp-image-1293\" title=\"Coeurs probablement en sucre\" src=\"http:\/\/blog.ribambelle.fr\/wp\/wp-content\/uploads\/2013\/05\/Coeurs-probablement-en-sucre-300x236.jpg\" alt=\"\" width=\"300\" height=\"236\" srcset=\"https:\/\/blog.ribambelle.fr\/wp\/wp-content\/uploads\/2013\/05\/Coeurs-probablement-en-sucre-300x236.jpg 300w, https:\/\/blog.ribambelle.fr\/wp\/wp-content\/uploads\/2013\/05\/Coeurs-probablement-en-sucre.jpg 340w\" sizes=\"(max-width: 300px) 100vw, 300px\" \/><\/a>La f\u00eate des m\u00e8res est une tradition que chaque ann\u00e9e vous mettez un point d\u2019honneur \u00e0 c\u00e9l\u00e9brer.<\/strong><\/p>\n<p><strong>Malgr\u00e9 tout, nous sommes peu nombreux \u00e0 conna\u00eetre la signification de cette f\u00eate, c\u2019est pourquoi l\u2019\u00e9quipe Ribambelle s\u2019est charg\u00e9e de revenir \u00e0 l\u2019essence m\u00eame de cet \u00e9v\u00e9nement.<\/strong><\/p>\n<p>La c\u00e9l\u00e9bration des m\u00e8res et des femmes est tr\u00e8s ancienne.<\/p>\n<p>Du temps de la Gr\u00e8ce Antique ou encore des Romains, elles \u00e9taient honor\u00e9es par le biais de la d\u00e9esse Rh\u00e9a ou encore de la f\u00eate des Matraliae.<\/p>\n<p>Puis, au XIX \u00e8me si\u00e8cle, Napol\u00e9on fut le premier \u00e0 \u00e9voquer l\u2019id\u00e9e m\u00eame d\u2019instaurer une f\u00eate des m\u00e8res.<\/p>\n<p>Au d\u00e9part, il ne s\u2019agissait pas d\u2019honorer toutes les m\u00e8res mais uniquement celles de familles nombreuses.<\/p>\n<p>C\u2019est \u00e0 partir de 1926 que la f\u00eate est devenue la premi\u00e8re journ\u00e9e nationale des \u00ab\u00a0 m\u00e8res\u00a0\u00bb qui r\u00e9compensait les femmes de familles nombreuses par des m\u00e9dailles de Famille fran\u00e7aises.<\/p>\n<p>Mais, le v\u00e9ritable tournant de cette f\u00eate est le 25 Mai 1941 avec le March\u00e9al P\u00e9tain qui institue d\u00e9finitivement la f\u00eate des m\u00e8res et l\u2019\u00e9tend \u00e0 toutes les m\u00e8res pour en faire un \u00e9v\u00e9nement familial.<\/p>\n<p>En 1950, le Pr\u00e9sident de la R\u00e9publique de l\u2019\u00e9poque Vincent Auriol signe le texte de loi et la f\u00eate des m\u00e8res est fix\u00e9e le 4<sup>\u00e8me<\/sup> dimanche du mois de Mai (sauf si celui-ci est le dimanche de Pentec\u00f4te).<\/p>\n<p><strong>A pr\u00e9sent, toutes les mamans sont c\u00e9l\u00e9br\u00e9es dans le monde et cette f\u00eate est devenue un v\u00e9ritable <a href=\"http:\/\/www.ribambelle.fr\/index_animation_enfants.html\">\u00e9v\u00e9nement familial et enfantin<\/a> \u00e0 ne manquer sous aucun pr\u00e9texte sous peine de repr\u00e9sailles\u00a0!<\/strong><\/p>\n<p><strong>Bonne f\u00eate \u00e0 toutes les mamans\u00a0!<\/strong><\/p>\n<p><strong><strong>____________________________________________________<\/strong><\/strong><\/p>\n<p><strong><strong><\/strong>Parce que un peu de culture cela ne nuit pas&#8230;toutes nos infos suppl\u00e9mentaires sur les th\u00e8mes ou f\u00eates d&rsquo;actualit\u00e9s ! <\/strong><\/p>\n<p><strong>Rib&rsquo;<\/strong><\/p>\n","protected":false},"excerpt":{"rendered":"<p>LE SAVIEZ-VOUS?\u00a0SP\u00c9CIAL\u00a0F\u00caTE\u00a0DES \u00a0\u00bb MOMANS \u00a0\u00bb 1 ! ORIGINE DE LA\u00a0F\u00caTE\u00a0DES M\u00c8RES La f\u00eate des m\u00e8res est une tradition que chaque ann\u00e9e vous mettez un point d\u2019honneur \u00e0 c\u00e9l\u00e9brer. Malgr\u00e9 tout, nous sommes peu nombreux \u00e0 conna\u00eetre la signification de cette f\u00eate, c\u2019est pourquoi l\u2019\u00e9quipe Ribambelle s\u2019est charg\u00e9e de revenir \u00e0 l\u2019essence m\u00eame de cet \u00e9v\u00e9nement. <a href=\"https:\/\/blog.ribambelle.fr\/wp\/?page_id=1265\" rel=\"nofollow\"><span class=\"sr-only\">En savoir plus surLe P&#039;tit Point Culture<\/span>[&hellip;]<\/a><\/p>\n","protected":false},"author":124,"featured_media":0,"parent":0,"menu_order":3,"comment_status":"open","ping_status":"closed","template":"","meta":[],"_links":{"self":[{"href":"https:\/\/blog.ribambelle.fr\/wp\/index.php?rest_route=\/wp\/v2\/pages\/1265"}],"collection":[{"href":"https:\/\/blog.ribambelle.fr\/wp\/index.php?rest_route=\/wp\/v2\/pages"}],"about":[{"href":"https:\/\/blog.ribambelle.fr\/wp\/index.php?rest_route=\/wp\/v2\/types\/page"}],"author":[{"embeddable":true,"href":"https:\/\/blog.ribambelle.fr\/wp\/index.php?rest_route=\/wp\/v2\/users\/124"}],"replies":[{"embeddable":true,"href":"https:\/\/blog.ribambelle.fr\/wp\/index.php?rest_route=%2Fwp%2Fv2%2Fcomments&post=1265"}],"version-history":[{"count":6,"href":"https:\/\/blog.ribambelle.fr\/wp\/index.php?rest_route=\/wp\/v2\/pages\/1265\/revisions"}],"predecessor-version":[{"id":1437,"href":"https:\/\/blog.ribambelle.fr\/wp\/index.php?rest_route=\/wp\/v2\/pages\/1265\/revisions\/1437"}],"wp:attachment":[{"href":"https:\/\/blog.ribambelle.fr\/wp\/index.php?rest_route=%2Fwp%2Fv2%2Fmedia&parent=1265"}],"curies":[{"name":"wp","href":"https:\/\/api.w.org\/{rel}","templated":true}]}}